{"id":5065,"date":"2022-03-04T16:16:15","date_gmt":"2022-03-04T14:16:15","guid":{"rendered":"https:\/\/bmfgrup.eu\/politica-de-confidentialitate\/"},"modified":"2025-09-09T16:18:05","modified_gmt":"2025-09-09T13:18:05","slug":"politica-de-confidentialitate","status":"publish","type":"page","link":"https:\/\/bmfgrup.eu\/ro\/politica-de-confidentialitate\/","title":{"rendered":"Politica de confiden\u021bialitate"},"content":{"rendered":"\t\t<div data-elementor-type=\"wp-page\" data-elementor-id=\"5065\" class=\"elementor elementor-5065 elementor-2896\" data-elementor-post-type=\"page\">\n\t\t\t\t\t\t<section class=\"ob-is-breaking-bad elementor-section elementor-top-section elementor-element elementor-element-4c97965 elementor-section-boxed elementor-section-height-default elementor-section-height-default e-parent\" data-id=\"4c97965\" data-element_type=\"section\" data-e-type=\"section\" data-settings=\"{&quot;background_background&quot;:&quot;classic&quot;,&quot;_ob_bbad_use_it&quot;:&quot;yes&quot;,&quot;_ob_bbad_sssic_use&quot;:&quot;no&quot;,&quot;_ob_glider_is_slider&quot;:&quot;no&quot;}\">\n\t\t\t\t\t\t\t<div class=\"elementor-background-overlay\"><\/div>\n\t\t\t\t\t\t\t<div class=\"elementor-container elementor-column-gap-default\">\n\t\t\t\t\t<div class=\"elementor-column elementor-col-100 elementor-top-column elementor-element elementor-element-97f5762 lakit-col-width-auto-no\" data-id=\"97f5762\" data-element_type=\"column\" data-e-type=\"column\" data-settings=\"{&quot;_ob_bbad_is_stalker&quot;:&quot;no&quot;,&quot;_ob_teleporter_use&quot;:false,&quot;_ob_column_hoveranimator&quot;:&quot;no&quot;,&quot;_ob_column_has_pseudo&quot;:&quot;no&quot;}\">\n\t\t\t<div class=\"elementor-widget-wrap elementor-element-populated\">\n\t\t\t\t\t\t<div class=\"elementor-element elementor-element-5c72370 ob-harakiri-inherit ob-has-background-overlay elementor-widget elementor-widget-text-editor\" data-id=\"5c72370\" data-element_type=\"widget\" data-e-type=\"widget\" data-settings=\"{&quot;_ob_use_harakiri&quot;:&quot;yes&quot;,&quot;_ob_harakiri_writing_mode&quot;:&quot;inherit&quot;,&quot;_ob_postman_use&quot;:&quot;no&quot;,&quot;_ob_perspektive_use&quot;:&quot;no&quot;,&quot;_ob_poopart_use&quot;:&quot;yes&quot;,&quot;_ob_shadough_use&quot;:&quot;no&quot;,&quot;_ob_allow_hoveranimator&quot;:&quot;no&quot;,&quot;_ob_widget_stalker_use&quot;:&quot;no&quot;}\" data-widget_type=\"text-editor.default\">\n\t\t\t\t<div class=\"elementor-widget-container\">\n\t\t\t\t\t\t\t\t\t<p>Bine a\u021bi venit la BMF Grup<\/p>\t\t\t\t\t\t\t\t<\/div>\n\t\t\t\t<\/div>\n\t\t\t\t<div class=\"elementor-element elementor-element-00aa7d9 ob-harakiri-inherit elementor-invisible ob-has-background-overlay elementor-widget elementor-widget-heading\" data-id=\"00aa7d9\" data-element_type=\"widget\" data-e-type=\"widget\" data-settings=\"{&quot;_animation&quot;:&quot;fadeInUp&quot;,&quot;_ob_use_harakiri&quot;:&quot;yes&quot;,&quot;_ob_harakiri_writing_mode&quot;:&quot;inherit&quot;,&quot;_ob_harakiri_text_clip&quot;:&quot;none&quot;,&quot;_ob_perspektive_use&quot;:&quot;no&quot;,&quot;_ob_poopart_use&quot;:&quot;yes&quot;,&quot;_ob_shadough_use&quot;:&quot;no&quot;,&quot;_ob_allow_hoveranimator&quot;:&quot;no&quot;,&quot;_ob_widget_stalker_use&quot;:&quot;no&quot;}\" data-widget_type=\"heading.default\">\n\t\t\t\t<div class=\"elementor-widget-container\">\n\t\t\t\t\t<h1 class=\"elementor-heading-title elementor-size-default\">Politica de confiden\u021bialitate<\/h1>\t\t\t\t<\/div>\n\t\t\t\t<\/div>\n\t\t\t\t\t<\/div>\n\t\t<\/div>\n\t\t\t\t\t<\/div>\n\t\t<\/section>\n\t\t\t\t<section class=\"ob-is-breaking-bad elementor-section elementor-top-section elementor-element elementor-element-9637920 elementor-section-boxed elementor-section-height-default elementor-section-height-default e-parent\" data-id=\"9637920\" data-element_type=\"section\" data-e-type=\"section\" data-settings=\"{&quot;_ob_bbad_use_it&quot;:&quot;yes&quot;,&quot;_ob_bbad_sssic_use&quot;:&quot;no&quot;,&quot;_ob_glider_is_slider&quot;:&quot;no&quot;}\">\n\t\t\t\t\t\t<div class=\"elementor-container elementor-column-gap-default\">\n\t\t\t\t\t<div class=\"elementor-column elementor-col-100 elementor-top-column elementor-element elementor-element-3c939af lakit-col-width-auto-no\" data-id=\"3c939af\" data-element_type=\"column\" data-e-type=\"column\" data-settings=\"{&quot;_ob_bbad_is_stalker&quot;:&quot;no&quot;,&quot;_ob_teleporter_use&quot;:false,&quot;_ob_column_hoveranimator&quot;:&quot;no&quot;,&quot;_ob_column_has_pseudo&quot;:&quot;no&quot;}\">\n\t\t\t<div class=\"elementor-widget-wrap elementor-element-populated\">\n\t\t\t\t\t\t<div class=\"elementor-element elementor-element-218bb68 ob-harakiri-inherit ob-has-background-overlay elementor-widget elementor-widget-heading\" data-id=\"218bb68\" data-element_type=\"widget\" data-e-type=\"widget\" data-settings=\"{&quot;_ob_use_harakiri&quot;:&quot;yes&quot;,&quot;_ob_harakiri_writing_mode&quot;:&quot;inherit&quot;,&quot;_ob_harakiri_text_clip&quot;:&quot;none&quot;,&quot;_ob_perspektive_use&quot;:&quot;no&quot;,&quot;_ob_poopart_use&quot;:&quot;yes&quot;,&quot;_ob_shadough_use&quot;:&quot;no&quot;,&quot;_ob_allow_hoveranimator&quot;:&quot;no&quot;,&quot;_ob_widget_stalker_use&quot;:&quot;no&quot;}\" data-widget_type=\"heading.default\">\n\t\t\t\t<div class=\"elementor-widget-container\">\n\t\t\t\t\t<h4 class=\"elementor-heading-title elementor-size-default\">1. INTRODUCERE<\/h4>\t\t\t\t<\/div>\n\t\t\t\t<\/div>\n\t\t\t\t<div class=\"elementor-element elementor-element-38bfb82 ob-harakiri-inherit ob-has-background-overlay elementor-widget elementor-widget-text-editor\" data-id=\"38bfb82\" data-element_type=\"widget\" data-e-type=\"widget\" data-settings=\"{&quot;_ob_use_harakiri&quot;:&quot;yes&quot;,&quot;_ob_harakiri_writing_mode&quot;:&quot;inherit&quot;,&quot;_ob_postman_use&quot;:&quot;no&quot;,&quot;_ob_perspektive_use&quot;:&quot;no&quot;,&quot;_ob_poopart_use&quot;:&quot;yes&quot;,&quot;_ob_shadough_use&quot;:&quot;no&quot;,&quot;_ob_allow_hoveranimator&quot;:&quot;no&quot;,&quot;_ob_widget_stalker_use&quot;:&quot;no&quot;}\" data-widget_type=\"text-editor.default\">\n\t\t\t\t<div class=\"elementor-widget-container\">\n\t\t\t\t\t\t\t\t\t<p>Trat\u0103m cu seriozitate \u0219i responsabilitate confiden\u021bialitatea datelor cu caracter personal, iar securitatea acestora reprezint\u0103 o prioritate pentru noi.<\/p><p><span style=\"color: var( --e-global-color-text ); font-family: var( --e-global-typography-text-font-family ), Sans-serif; font-weight: var( --e-global-typography-text-font-weight ); font-size: 1rem;\">De aceea, ne angaj\u0103m s\u0103 respect\u0103m noile reguli impuse de <\/span><strong style=\"color: var( --e-global-color-text ); font-family: var( --e-global-typography-text-font-family ), Sans-serif; font-size: 1rem;\">Regulamentul european nr. 2016\/679 <\/strong><span style=\"color: var( --e-global-color-text ); font-family: var( --e-global-typography-text-font-family ), Sans-serif; font-weight: var( --e-global-typography-text-font-weight ); font-size: 1rem;\">denumit &#8222;Regulamentul&#8221; \u00een ceea ce prive\u0219te prelucrarea datelor cu caracter personal \u0219i libera circula\u021bie a acestor date.<\/span><\/p><p><strong style=\"color: var( --e-global-color-text ); font-family: var( --e-global-typography-text-font-family ), Sans-serif; font-size: 1rem;\">Prin intermediul prezentei politici \u00ee\u021bi explicam ce date cu caracter personal prelucr\u0103m, cum le colect\u0103m, cum le folosim \u0219i, mai ales, cum \u00ee\u021bi protej\u0103m aceste date.<\/strong><\/p><p><span style=\"color: var( --e-global-color-text ); font-family: var( --e-global-typography-text-font-family ), Sans-serif; font-weight: var( --e-global-typography-text-font-weight ); font-size: 1rem;\">De asemenea, te inform\u0103m \u0219i asupra drepturilor de care beneficiezi \u0219i te ghid\u0103m cu privire la modalitatea de exercitare a acestora.<\/span><\/p>\t\t\t\t\t\t\t\t<\/div>\n\t\t\t\t<\/div>\n\t\t\t\t<div class=\"elementor-element elementor-element-1db057f ob-harakiri-inherit ob-has-background-overlay elementor-widget elementor-widget-heading\" data-id=\"1db057f\" data-element_type=\"widget\" data-e-type=\"widget\" data-settings=\"{&quot;_ob_use_harakiri&quot;:&quot;yes&quot;,&quot;_ob_harakiri_writing_mode&quot;:&quot;inherit&quot;,&quot;_ob_harakiri_text_clip&quot;:&quot;none&quot;,&quot;_ob_perspektive_use&quot;:&quot;no&quot;,&quot;_ob_poopart_use&quot;:&quot;yes&quot;,&quot;_ob_shadough_use&quot;:&quot;no&quot;,&quot;_ob_allow_hoveranimator&quot;:&quot;no&quot;,&quot;_ob_widget_stalker_use&quot;:&quot;no&quot;}\" data-widget_type=\"heading.default\">\n\t\t\t\t<div class=\"elementor-widget-container\">\n\t\t\t\t\t<h4 class=\"elementor-heading-title elementor-size-default\">2. DESPRE NOI<\/h4>\t\t\t\t<\/div>\n\t\t\t\t<\/div>\n\t\t\t\t<div class=\"elementor-element elementor-element-56b16af ob-harakiri-inherit ob-has-background-overlay elementor-widget elementor-widget-text-editor\" data-id=\"56b16af\" data-element_type=\"widget\" data-e-type=\"widget\" data-settings=\"{&quot;_ob_use_harakiri&quot;:&quot;yes&quot;,&quot;_ob_harakiri_writing_mode&quot;:&quot;inherit&quot;,&quot;_ob_postman_use&quot;:&quot;no&quot;,&quot;_ob_perspektive_use&quot;:&quot;no&quot;,&quot;_ob_poopart_use&quot;:&quot;yes&quot;,&quot;_ob_shadough_use&quot;:&quot;no&quot;,&quot;_ob_allow_hoveranimator&quot;:&quot;no&quot;,&quot;_ob_widget_stalker_use&quot;:&quot;no&quot;}\" data-widget_type=\"text-editor.default\">\n\t\t\t\t<div class=\"elementor-widget-container\">\n\t\t\t\t\t\t\t\t\t<p>Sediul nostru social este \u00een ROM\u00c2NIA, BUCURE\u0218TI SECTOR 3, CALEA VITAN, 289, ET:1, CAMERA 13, CUI RO 31238674, J40\/1936\/2013.<\/p><p><span style=\"color: var( --e-global-color-text ); font-family: var( --e-global-typography-text-font-family ), Sans-serif; font-weight: var( --e-global-typography-text-font-weight ); font-size: 1rem;\">Reprezentantul societ\u0103\u021bii este GABRIEL TOMESCU \u0219i poate fi contactat la adresa ROM\u00c2NIA, BUCURE\u0218TI SECTOR 3, CALEA VITAN, 289, ET:1, CAMERA 13, \u0219i la adresa de e-mail: office@bmfgrup.eu.<\/span><\/p><p><span style=\"color: var( --e-global-color-text ); font-family: var( --e-global-typography-text-font-family ), Sans-serif; font-weight: var( --e-global-typography-text-font-weight ); font-size: 1rem;\">Din punct de vedere al Regulamentului EU 679\/2016, <\/span><strong style=\"color: var( --e-global-color-text ); font-family: var( --e-global-typography-text-font-family ), Sans-serif; font-size: 1rem;\">BMF TOTAL SERV SRL este operator de date cu caracter personal<\/strong><span style=\"color: var( --e-global-color-text ); font-family: var( --e-global-typography-text-font-family ), Sans-serif; font-weight: var( --e-global-typography-text-font-weight ); font-size: 1rem;\"> \u0219i este desemnat\u0103 un responsabil cu protec\u021bia datelor, <\/span>Euro Smart DPO S.R.L., <span style=\"color: var( --e-global-color-text ); font-family: var( --e-global-typography-text-font-family ), Sans-serif; font-size: 1rem; font-weight: var( --e-global-typography-text-font-weight );\">care poate fi contactat\u0103 la:<\/span><\/p><ul><li>Adresa de e-mail: dpo@ue-gdpr.com;<\/li><li>Adresa noastr\u0103 este: ROM\u00c2NIA, BUCURE\u0218TI SECTOR 3, CALEA VITAN, 289, ET:1, CAMERA 13, \u00een aten\u021bia RESPONSABILULUI PENTRU DATE PERSONALE.<\/li><\/ul>\t\t\t\t\t\t\t\t<\/div>\n\t\t\t\t<\/div>\n\t\t\t\t<div class=\"elementor-element elementor-element-a3c3197 ob-harakiri-inherit ob-has-background-overlay elementor-widget elementor-widget-heading\" data-id=\"a3c3197\" data-element_type=\"widget\" data-e-type=\"widget\" data-settings=\"{&quot;_ob_use_harakiri&quot;:&quot;yes&quot;,&quot;_ob_harakiri_writing_mode&quot;:&quot;inherit&quot;,&quot;_ob_harakiri_text_clip&quot;:&quot;none&quot;,&quot;_ob_perspektive_use&quot;:&quot;no&quot;,&quot;_ob_poopart_use&quot;:&quot;yes&quot;,&quot;_ob_shadough_use&quot;:&quot;no&quot;,&quot;_ob_allow_hoveranimator&quot;:&quot;no&quot;,&quot;_ob_widget_stalker_use&quot;:&quot;no&quot;}\" data-widget_type=\"heading.default\">\n\t\t\t\t<div class=\"elementor-widget-container\">\n\t\t\t\t\t<h4 class=\"elementor-heading-title elementor-size-default\">3. CE DATE COLECTAM \u0218I CUM LE COLECTAM<\/h4>\t\t\t\t<\/div>\n\t\t\t\t<\/div>\n\t\t\t\t<div class=\"elementor-element elementor-element-e1f33ff ob-harakiri-inherit ob-has-background-overlay elementor-widget elementor-widget-text-editor\" data-id=\"e1f33ff\" data-element_type=\"widget\" data-e-type=\"widget\" data-settings=\"{&quot;_ob_use_harakiri&quot;:&quot;yes&quot;,&quot;_ob_harakiri_writing_mode&quot;:&quot;inherit&quot;,&quot;_ob_postman_use&quot;:&quot;no&quot;,&quot;_ob_perspektive_use&quot;:&quot;no&quot;,&quot;_ob_poopart_use&quot;:&quot;yes&quot;,&quot;_ob_shadough_use&quot;:&quot;no&quot;,&quot;_ob_allow_hoveranimator&quot;:&quot;no&quot;,&quot;_ob_widget_stalker_use&quot;:&quot;no&quot;}\" data-widget_type=\"text-editor.default\">\n\t\t\t\t<div class=\"elementor-widget-container\">\n\t\t\t\t\t\t\t\t\t<p>Utiliz\u0103m doar acele informa\u021bii strict necesare \u0219i relevante pentru afacerea noastr\u0103 \u0219i pentru nevoile tale de consumator \u0219i le colect\u0103m prin intermediul site-ului nostru care este administrat \u00een Rom\u00e2nia \u0219i g\u0103zduit \u00een Spania (Uniunea European\u0103). Intr\u0103m \u00een posesia datelor tale, \u00een principal ca urmare a faptului ca tu optezi s\u0103 ni le dezv\u0103lui \u00een mod voluntar dar \u0219i prin captare automat\u0103, la momentul acces\u0103rii paginii noastre, ca urmare a utiliz\u0103rii de tehnologie \u0219i programe informatice specifice. De\u0219i po\u021bi s\u0103 vizitezi site-ul nostru f\u0103r\u0103 s\u0103 fii nevoit s\u0103 \u00ee\u021bi dezv\u0103lui identitatea, po\u021bi s\u0103 ne furnizezi \u00een mod direct, datele tale personale, atunci c\u00e2nd folose\u0219ti:<\/p><ol><li><strong> Formularul de newsletter<\/strong><\/li><\/ol><p>Prin intermediul c\u0103ruia \u00ee\u021bi transmitem materiale de marketing \u0219i publicitate folosind datele tale de identificare. Disponibil \u00een footerul site-ului <a class=\"nrauI66f5szcZwJjQ3wM D7ros6hfaBeywBDxxP3q\" href=\"https:\/\/bmfgrup.eu\/ro\/\" target=\"_blank\" rel=\"noopener\" data-test-id=\"mainContact-url\">www.bmfgrup.eu.<\/a> Datele colectate:<\/p><ul><li>Adresa de e-mail.<\/li><\/ul><p>\u00ce\u021bi vom trimite comunic\u0103ri privind nout\u0103\u021bile din oferta noastr\u0103 numai dac\u0103 ai optat \u00een acest sens. Po\u021bi alege oric\u00e2nd s\u0103 te r\u0103zg\u00e2nde\u0219ti, iar retragerea consim\u021b\u0103m\u00e2ntului o po\u021bi face prin bifarea butonului de dezabonare, conform instruc\u021biunilor incluse \u00een e-mail.<\/p><ol start=\"2\"><li><strong> Formular de contact<\/strong><\/li><\/ol><p><em>Disponibil \u00een pagina:<\/em> <a href=\"https:\/\/bmfgrup.eu\/ro\/contact\/\">https:\/\/bmfgrup.eu\/ro\/contact\/.<\/a><\/p><p>Datele tale personale le folosim cu scopul de a-\u021bi prelua solicitarea, pentru a avea toate informa\u021biile necesare pentru a te programa la clinica noastr\u0103 \u00een vederea unei consulta\u021bii. Datele colectate:<\/p><ul><li>Nume complet;<\/li><li>Adresa de e-mail;<\/li><li>Telefon;<\/li><li>Numele companiei.<\/li><\/ul><p>\u00cen situa\u021bia \u00een care nu e\u0219ti de acord s\u0103 ne dezv\u0103lui aceste informa\u021bii, vom fi \u00een imposibilitatea de a-\u021bi onora solicitarea.<\/p><ol start=\"3\"><li><strong> Formular de contact cariere<\/strong><\/li><\/ol><p><em>Disponibil \u00een paginile de comand\u0103: <a href=\"https:\/\/bmfgrup.eu\/ro\/jobs\/electrician-de-intretinere-si-reparatii\/\">https:\/\/bmfgrup.eu\/ro\/jobs\/electrician-de-intretinere-si-reparatii\/<\/a>. <\/em>Datele tale personale le folosim cu scopul de a-\u021bi prelua solicitarea, pentru a avea toate informa\u021biile necesare \u00een vederea stabilirii unei \u00eent\u00e2lniri pentru angajarea ta. <strong>Datele colectate:<\/strong><\/p><ul><li>Nume complet;<\/li><li>Adresa de e-mail;<\/li><li>Num\u0103r de telefon;<\/li><li>\u00cenc\u0103rcare CV.<\/li><\/ul><p><span style=\"color: var( --e-global-color-text ); font-family: var( --e-global-typography-text-font-family ), Sans-serif; font-size: 1rem; font-weight: var( --e-global-typography-text-font-weight );\">\u00cen situa\u021bia \u00een care nu e\u0219ti de acord s\u0103 ne dezv\u0103lui aceste informa\u021bii solicitate, este posibil s\u0103 nu \u00ee\u021bi putem r\u0103spunde la solicitare.<\/span><\/p><p><strong style=\"color: var( --e-global-color-text ); font-family: var( --e-global-typography-text-font-family ), Sans-serif; font-size: 1rem;\">Captarea automata de date<\/strong><span style=\"color: var( --e-global-color-text ); font-family: var( --e-global-typography-text-font-family ), Sans-serif; font-weight: var( --e-global-typography-text-font-weight ); font-size: 1rem;\"> se realizeaz\u0103 prin intermediul:<\/span><\/p><ul><li><strong>tehnologia cookie<\/strong>: cookie reprezint\u0103 un fragment de informa\u021bie transmisa din pagina web, salvata de browser pe hard disk-ul calculatorului t\u0103u \u0219i pe care noi o putem accesa ulterior. Aceasta re\u021bine informa\u021bii statistice necesare unei pagini web pentru a personaliza sesiunea de navigare (ex. prin afi\u0219area unor imagini dinamice cu produse de interes) precum pagini web vizitate anterior, desc\u0103rc\u0103rile f\u0103cute, furnizorul de internet utilizat, \u021bara de origine a vizitatorului site-ului.<\/li><\/ul><div>\u00a0<\/div><p><strong>Cele mai obi\u0219nuite cookie-uri sunt:<\/strong><\/p><ul><li><strong>Tehnice:<\/strong> ne sunt absolut necesare pentru a ne asigura de eficienta site-ului din perspectiva tehnic\u0103;<\/li><li><strong>Func\u021bionale:<\/strong> memoreaz\u0103 alegerile tale \u0219i ne ajut\u0103 s\u0103 \u00eembun\u0103t\u0103\u021bim experien\u021ba ta de shopping pe site-ul nostru;<\/li><li><strong>De performan\u021b\u0103:<\/strong> ne ajut\u0103 s\u0103 m\u0103suram performan\u021ba site-ului utiliz\u00e2nd informa\u021bii despre modul \u00een care vizitatorii navigheaz\u0103 \u00een site;<\/li><li><strong>De redirec\u021bionare:<\/strong> ne ajut\u0103 s\u0103 plas\u0103m anun\u021buri publicitare \u00een alte pagini web pe care le folose\u0219ti;<\/li><li><strong>Plug-in de social media:<\/strong> pentru a ne conecta clien\u021bii la diferite canale social-media.<\/li><\/ul><p>Colect\u0103m \u0219i prelucr\u0103m datele furnizate de tehnologia cookie doar dac\u0103 ne permi\u021bi acest lucru.<\/p><p><strong style=\"color: var( --e-global-color-text ); font-family: var( --e-global-typography-text-font-family ), Sans-serif; font-size: 1rem;\">Fi\u0219ierelor jurnal de servere web standard, <\/strong><span style=\"color: var( --e-global-color-text ); font-family: var( --e-global-typography-text-font-family ), Sans-serif; font-weight: var( --e-global-typography-text-font-weight ); font-size: 1rem;\">ne ofer\u0103 informa\u021bii statistice referitoare la num\u0103rul de vizitatori \u0219i ne permite s\u0103 evaluam capacitatea tehnic\u0103 a paginii noastre.<\/span><\/p><p><span style=\"color: var( --e-global-color-text ); font-family: var( --e-global-typography-text-font-family ), Sans-serif; font-weight: var( --e-global-typography-text-font-weight ); font-size: 1rem;\">Prin intermediul acestora colectam c\u00e2teva informa\u021bii referitoare la adresa de IP \u00eens\u0103 acestea nu sunt \u00een m\u0103sur\u0103 s\u0103 te identifice \u00een mod direct, ci s\u0103 ne ofere date statistice \u00een leg\u0103tur\u0103 cu traficul pe pagin\u0103.<\/span><\/p><p><strong style=\"color: var( --e-global-color-text ); font-family: var( --e-global-typography-text-font-family ), Sans-serif; font-size: 1rem;\">Google Analytics<\/strong><\/p><p><span style=\"color: var( --e-global-color-text ); font-family: var( --e-global-typography-text-font-family ), Sans-serif; font-weight: var( --e-global-typography-text-font-weight ); font-size: 1rem;\">Pagina noastr\u0103 de internet utilizeaz\u0103 serviciul de analiz\u0103 web &#8222;Google Adwords\/Analytics&#8221; al societ\u0103\u021bii Google Inc., \u00een scop statistic.<\/span><\/p><p><span style=\"color: var( --e-global-color-text ); font-family: var( --e-global-typography-text-font-family ), Sans-serif; font-weight: var( --e-global-typography-text-font-weight ); font-size: 1rem;\">Aceast\u0103 pagin\u0103 de internet utilizeaz\u0103 Google Analytics, un serviciu de analiz\u0103 al web-ului pus la dispozi\u021bie de Google, Inc. (&#8222;Google&#8221;), care la r\u00e2ndul sau, utilizeaz\u0103 cookie-uri. Informa\u021bia generat\u0103 de cookie despre modul dumneavoastr\u0103 de utilizare al site-ului va fi transmis\u0103 \u0219i stocat\u0103 pe serverele Google din SUA. <\/span><\/p><p><span style=\"color: var( --e-global-color-text ); font-family: var( --e-global-typography-text-font-family ), Sans-serif; font-weight: var( --e-global-typography-text-font-weight ); font-size: 1rem;\">\u00cen cazul \u00een care anonimizarea adresei IP este activat\u0103, IP-ul dumneavoastr\u0103 va fi scurtat \u00een spa\u021biul statelor membre al Uniunii Europene sau a altor ter\u021bi membri ai Spa\u021biului Economic European. Doar \u00een cazuri excep\u021bionale, adresa IP \u00eentreag\u0103 va fi transmis\u0103 c\u0103tre un server Google \u00een SUA \u0219i scurtat\u0103 acolo. Anonimizarea IP este activat\u0103 pentru acest site. Google va folosi aceast\u0103 informa\u021bie \u00een numele operatorului acestui site pentru scopul evalu\u0103rii utiliz\u0103rii dumneavoastr\u0103 a site-ului, va genera rapoarte despre activitatea pe site pentru operatorii de pagini web \u0219i le va furniza \u0219i alte servicii legate de activitatea site-ului \u0219i utilizarea internetului. <\/span><\/p><p><span style=\"color: var( --e-global-color-text ); font-family: var( --e-global-typography-text-font-family ), Sans-serif; font-weight: var( --e-global-typography-text-font-weight ); font-size: 1rem;\">Adresa IP pe care o transmite browser-ul dumneavoastr\u0103 nu va fi asociat\u0103 cu alte date de\u021binute de c\u0103tre Google. Pute\u021bi refuza utilizarea cookie-urilor, prin selectarea set\u0103rilor adecvate ale browser-ului dumneavoastr\u0103, \u00eens\u0103 \u00een aceast\u0103 situa\u021bie s-ar putea s\u0103 nu mai pute\u021bi utiliza toate func\u021bionalit\u0103\u021bile site-ului. Pute\u021bi, de asemenea, opta pentru a nu mai utiliza Google Analytics pe viitor prin desc\u0103rcarea \u0219i instalarea Google Analytics Opt-out Browser Addon pentru browser-ul dumneavoastr\u0103: <\/span><a style=\"font-family: var( --e-global-typography-text-font-family ), Sans-serif; font-weight: var( --e-global-typography-text-font-weight ); background-color: #ffffff; font-size: 1rem;\" href=\"https:\/\/web.archive.org\/web\/20200814073943\/https:\/tools.google.com\/dlpage\/gaoptout?hl=en\">https:\/\/tools.google.com\/dlpage\/gaoptout?hl=en<\/a><span style=\"color: var( --e-global-color-text ); font-family: var( --e-global-typography-text-font-family ), Sans-serif; font-weight: var( --e-global-typography-text-font-weight ); font-size: 1rem;\">.<\/span><\/p><p><span style=\"color: var( --e-global-color-text ); font-family: var( --e-global-typography-text-font-family ), Sans-serif; font-weight: var( --e-global-typography-text-font-weight ); font-size: 1rem;\">Pentru a fi de acord sau a-\u021bi retrage acordul privind prelucrarea automat\u0103 prin intermediul programelor sau tehnologiilor mai sus men\u021bionate, seteaz\u0103 aceast\u0103 op\u021biune \u00een cadrul mesajului de \u00eent\u00e2mpinare pe care \u00eel prime\u0219ti la accesarea site-ului \/ efectueaz\u0103 set\u0103rile adecvate \u00een browser-ul t\u0103u. Pentru mai multe detalii acceseaz\u0103 <\/span><a style=\"font-family: var( --e-global-typography-text-font-family ), Sans-serif; font-weight: var( --e-global-typography-text-font-weight ); background-color: #ffffff; font-size: 1rem;\" href=\"https:\/\/bmfgrup.eu\/politica-de-cookies\/\"><strong>politica noastr\u0103 de cookies<\/strong><\/a><span style=\"color: var( --e-global-color-text ); font-family: var( --e-global-typography-text-font-family ), Sans-serif; font-weight: var( --e-global-typography-text-font-weight ); font-size: 1rem;\">. \u00cen cazul \u00een care optezi s\u0103 navighezi f\u0103r\u0103 aceste tehnologii sau program, unele func\u021biuni sau caracteristici ale site-ului nu vor putea func\u021biona. Daca accep\u021bi utilizarea integrala a programelor \u0219i tehnologiilor de captare automat\u0103, vom colecta urm\u0103toarele date: <\/span><\/p><ul><li><strong>data de identitate: <\/strong>nume \u0219i prenume, numele companiei pe care o reprezin\u021bi;<\/li><li><strong>data de contact: <\/strong>adresa e-mail, telefon, eventual adresa contractare \u0219i facturare;<\/li><li><strong>date privind tranzac\u021biile comerciale: <\/strong>servicii \u0219i produse achizi\u021bionate de la noi, metod\u0103 de plat\u0103;<\/li><li><strong>date tehnice: <\/strong>data de conectare, inclusiv IP, sistemul \u0219i platforma de operare, identificare browser, loca\u021bia, tehnologii folosite pe dispozitivele utilizate pentru accesarea site-ului;<\/li><li><strong>data de utilizare: <\/strong>a site-ului web, a produselor \u0219i serviciilor noastre;<\/li><li><strong>data de marketing: <\/strong>preferin\u021bele tale de a primi inform\u0103ri de la noi sau de la ter\u021bi.<\/li><\/ul>\t\t\t\t\t\t\t\t<\/div>\n\t\t\t\t<\/div>\n\t\t\t\t<div class=\"elementor-element elementor-element-b491364 ob-harakiri-inherit ob-has-background-overlay elementor-widget elementor-widget-heading\" data-id=\"b491364\" data-element_type=\"widget\" data-e-type=\"widget\" data-settings=\"{&quot;_ob_use_harakiri&quot;:&quot;yes&quot;,&quot;_ob_harakiri_writing_mode&quot;:&quot;inherit&quot;,&quot;_ob_harakiri_text_clip&quot;:&quot;none&quot;,&quot;_ob_perspektive_use&quot;:&quot;no&quot;,&quot;_ob_poopart_use&quot;:&quot;yes&quot;,&quot;_ob_shadough_use&quot;:&quot;no&quot;,&quot;_ob_allow_hoveranimator&quot;:&quot;no&quot;,&quot;_ob_widget_stalker_use&quot;:&quot;no&quot;}\" data-widget_type=\"heading.default\">\n\t\t\t\t<div class=\"elementor-widget-container\">\n\t\t\t\t\t<h4 class=\"elementor-heading-title elementor-size-default\">4. SCOPUL COLECTARII \u0218I TEMEIUL JURIDIC<\/h4>\t\t\t\t<\/div>\n\t\t\t\t<\/div>\n\t\t\t\t<div class=\"elementor-element elementor-element-791df77 ob-harakiri-inherit ob-has-background-overlay elementor-widget elementor-widget-text-editor\" data-id=\"791df77\" data-element_type=\"widget\" data-e-type=\"widget\" data-settings=\"{&quot;_ob_use_harakiri&quot;:&quot;yes&quot;,&quot;_ob_harakiri_writing_mode&quot;:&quot;inherit&quot;,&quot;_ob_postman_use&quot;:&quot;no&quot;,&quot;_ob_perspektive_use&quot;:&quot;no&quot;,&quot;_ob_poopart_use&quot;:&quot;yes&quot;,&quot;_ob_shadough_use&quot;:&quot;no&quot;,&quot;_ob_allow_hoveranimator&quot;:&quot;no&quot;,&quot;_ob_widget_stalker_use&quot;:&quot;no&quot;}\" data-widget_type=\"text-editor.default\">\n\t\t\t\t<div class=\"elementor-widget-container\">\n\t\t\t\t\t\t\t\t\t<p>Colect\u0103m informa\u021bi ce con\u021bin date personale sau tehnice \u00een principal pentru:<\/p><ol><li><strong>  \u00cembun\u0103t\u0103\u021birea serviciilor noastre \u0219i a experien\u021bei tale de cump\u0103r\u0103turi pe site-ul nostru.<\/strong><\/li><\/ol><p>Pentru a realiza aceast\u0103 activitate ne \u00eentemeiem pe interesul nostru legitim de a desf\u0103\u0219ura activit\u0103\u021bi comerciale dar suntem aten\u021bi \u0219i la respectarea drepturilor \u0219i libert\u0103\u021bilor tale astfel \u00eenc\u00e2t \u00ee\u021bi oferim posibilitatea facil\u0103 de dezabonare de la utilizarea programelor \u0219i tehnologiilor pe care le folosim \u00een procesul de colectare \u0219i prelucrare date.<\/p><ol start=\"2\"><li><strong>  Marketing direct<\/strong><\/li><\/ol><p>Ne \u00eentemeiem comunic\u0103rile de marketing pe consim\u021b\u0103m\u00e2ntul t\u0103u prealabil. Po\u021bi s\u0103 te r\u0103zg\u00e2nde\u0219ti oric\u00e2nd acces\u00e2nd butonul de dezabonare din cadrul mesajelor pe care le prime\u0219ti de la noi. <\/p><ol start=\"3\"><li><strong>  Motive de securitate a infrastructurii noastre hardware \u0219i software.<\/strong><\/li><\/ol><p><strong>Temeiul colect\u0103rii \u0219i prelucr\u0103rii \u00een acest scop este at\u00e2t unul legal, respectiv obliga\u021bia de paza a bunurilor c\u00e2t \u0219i unul bazat pe interesul nostru legitim de a ne proteja afacerea.<\/strong><\/p><p>\u00cen m\u0103sura \u00een care vom folosi informa\u021biile de\u021binute \u00een alte scopuri dec\u00e2t cele mai sus declarate, \u00ee\u021bi vom solicita \u00een mod expres consim\u021b\u0103m\u00e2ntul \u0219i \u00ee\u021bi vom explica de ce noi drepturi beneficiezi \u00een aceast\u0103 situa\u021bie.<\/p>\t\t\t\t\t\t\t\t<\/div>\n\t\t\t\t<\/div>\n\t\t\t\t<div class=\"elementor-element elementor-element-792b51d ob-harakiri-inherit ob-has-background-overlay elementor-widget elementor-widget-heading\" data-id=\"792b51d\" data-element_type=\"widget\" data-e-type=\"widget\" data-settings=\"{&quot;_ob_use_harakiri&quot;:&quot;yes&quot;,&quot;_ob_harakiri_writing_mode&quot;:&quot;inherit&quot;,&quot;_ob_harakiri_text_clip&quot;:&quot;none&quot;,&quot;_ob_perspektive_use&quot;:&quot;no&quot;,&quot;_ob_poopart_use&quot;:&quot;yes&quot;,&quot;_ob_shadough_use&quot;:&quot;no&quot;,&quot;_ob_allow_hoveranimator&quot;:&quot;no&quot;,&quot;_ob_widget_stalker_use&quot;:&quot;no&quot;}\" data-widget_type=\"heading.default\">\n\t\t\t\t<div class=\"elementor-widget-container\">\n\t\t\t\t\t<h4 class=\"elementor-heading-title elementor-size-default\">5. IMPOSIBILITATEA\/REFUZUL DE A NE FURNIZA ANUMITE DATE PERSONALE<\/h4>\t\t\t\t<\/div>\n\t\t\t\t<\/div>\n\t\t\t\t<div class=\"elementor-element elementor-element-bf7ba5a ob-harakiri-inherit ob-has-background-overlay elementor-widget elementor-widget-text-editor\" data-id=\"bf7ba5a\" data-element_type=\"widget\" data-e-type=\"widget\" data-settings=\"{&quot;_ob_use_harakiri&quot;:&quot;yes&quot;,&quot;_ob_harakiri_writing_mode&quot;:&quot;inherit&quot;,&quot;_ob_postman_use&quot;:&quot;no&quot;,&quot;_ob_perspektive_use&quot;:&quot;no&quot;,&quot;_ob_poopart_use&quot;:&quot;yes&quot;,&quot;_ob_shadough_use&quot;:&quot;no&quot;,&quot;_ob_allow_hoveranimator&quot;:&quot;no&quot;,&quot;_ob_widget_stalker_use&quot;:&quot;no&quot;}\" data-widget_type=\"text-editor.default\">\n\t\t\t\t<div class=\"elementor-widget-container\">\n\t\t\t\t\t\t\t\t\t<p>\u00cen situa\u021bia \u00een care nu ne furnizezi informa\u021biile solicitate este foarte probabil s\u0103 nu po\u021bi utiliza \u00een parametrii normali site-ul nostru \u0219i de asemenea s\u0103 nu putem accepta \u0219i prelucra solicitarea ta \u0219i s\u0103 nu fim \u00een m\u0103sura s\u0103 \u00ee\u021bi furnizam produsele sau serviciile de interes pentru tine.<\/p>\t\t\t\t\t\t\t\t<\/div>\n\t\t\t\t<\/div>\n\t\t\t\t<div class=\"elementor-element elementor-element-7e8170f ob-harakiri-inherit ob-has-background-overlay elementor-widget elementor-widget-heading\" data-id=\"7e8170f\" data-element_type=\"widget\" data-e-type=\"widget\" data-settings=\"{&quot;_ob_use_harakiri&quot;:&quot;yes&quot;,&quot;_ob_harakiri_writing_mode&quot;:&quot;inherit&quot;,&quot;_ob_harakiri_text_clip&quot;:&quot;none&quot;,&quot;_ob_perspektive_use&quot;:&quot;no&quot;,&quot;_ob_poopart_use&quot;:&quot;yes&quot;,&quot;_ob_shadough_use&quot;:&quot;no&quot;,&quot;_ob_allow_hoveranimator&quot;:&quot;no&quot;,&quot;_ob_widget_stalker_use&quot;:&quot;no&quot;}\" data-widget_type=\"heading.default\">\n\t\t\t\t<div class=\"elementor-widget-container\">\n\t\t\t\t\t<h4 class=\"elementor-heading-title elementor-size-default\">6. UTILIZATORI<\/h4>\t\t\t\t<\/div>\n\t\t\t\t<\/div>\n\t\t\t\t<div class=\"elementor-element elementor-element-2d0fb6b ob-harakiri-inherit ob-has-background-overlay elementor-widget elementor-widget-text-editor\" data-id=\"2d0fb6b\" data-element_type=\"widget\" data-e-type=\"widget\" data-settings=\"{&quot;_ob_use_harakiri&quot;:&quot;yes&quot;,&quot;_ob_harakiri_writing_mode&quot;:&quot;inherit&quot;,&quot;_ob_postman_use&quot;:&quot;no&quot;,&quot;_ob_perspektive_use&quot;:&quot;no&quot;,&quot;_ob_poopart_use&quot;:&quot;yes&quot;,&quot;_ob_shadough_use&quot;:&quot;no&quot;,&quot;_ob_allow_hoveranimator&quot;:&quot;no&quot;,&quot;_ob_widget_stalker_use&quot;:&quot;no&quot;}\" data-widget_type=\"text-editor.default\">\n\t\t\t\t<div class=\"elementor-widget-container\">\n\t\t\t\t\t\t\t\t\t<p>Datele tale sunt folosite de <strong>BMF TOTAL SERV SRL<a class=\"nrauI66f5szcZwJjQ3wM D7ros6hfaBeywBDxxP3q\" href=\"https:\/\/bmfgrup.eu\/ro\/\" target=\"_blank\" rel=\"noopener\" data-test-id=\"mainContact-url\">(<\/a><\/strong><strong>www.bmfgrup.eu) \u0219i <\/strong>nu vom distribui niciodat\u0103 informa\u021bii tale cu caracter personal unui ter\u021b \u00een alte scopuri dec\u00e2t cele descrise \u00een prezenta Politic\u0103.<\/p><p>Putem transmite informa\u021bii tale cu caracter personal partenerilor no\u0219tri de \u00eencredere care sunt \u00een m\u0103sura s\u0103 ofere garan\u021bii \u00een leg\u0103tur\u0103 cu securitatea \u0219i confiden\u021bialitatea datelor tale \u0219i care proceseaz\u0103 datele doar \u00een conformitate cu instruc\u021biunile noastre.<\/p><p>Partenerii no\u0219tri sunt \u00een general ter\u021bi prestatori de servicii cu care colaboram \u0219i care activeaz\u0103 \u00een domeniile precum: servicii IT \u0219i mentenan\u021b\u0103, g\u0103zduire baze de date interne \u0219i \u00een cadrul UE, servicii de analiz\u0103 comportamental\u0103 (Google Analytics, Facebook), contabilitate \u0219i fiscalitate, consultan\u021b\u0103 \u0219i asisten\u021b\u0103 juridic\u0103, marketing, finan\u021bare, publicitate, prelucrarea pl\u0103tii, livrare sau alte servicii, autorit\u0103\u021bi publice.<\/p>\t\t\t\t\t\t\t\t<\/div>\n\t\t\t\t<\/div>\n\t\t\t\t<div class=\"elementor-element elementor-element-65db3ed ob-harakiri-inherit ob-has-background-overlay elementor-widget elementor-widget-heading\" data-id=\"65db3ed\" data-element_type=\"widget\" data-e-type=\"widget\" data-settings=\"{&quot;_ob_use_harakiri&quot;:&quot;yes&quot;,&quot;_ob_harakiri_writing_mode&quot;:&quot;inherit&quot;,&quot;_ob_harakiri_text_clip&quot;:&quot;none&quot;,&quot;_ob_perspektive_use&quot;:&quot;no&quot;,&quot;_ob_poopart_use&quot;:&quot;yes&quot;,&quot;_ob_shadough_use&quot;:&quot;no&quot;,&quot;_ob_allow_hoveranimator&quot;:&quot;no&quot;,&quot;_ob_widget_stalker_use&quot;:&quot;no&quot;}\" data-widget_type=\"heading.default\">\n\t\t\t\t<div class=\"elementor-widget-container\">\n\t\t\t\t\t<h4 class=\"elementor-heading-title elementor-size-default\">7. LOCUL STOCARII<\/h4>\t\t\t\t<\/div>\n\t\t\t\t<\/div>\n\t\t\t\t<div class=\"elementor-element elementor-element-3b934d8 ob-harakiri-inherit ob-has-background-overlay elementor-widget elementor-widget-text-editor\" data-id=\"3b934d8\" data-element_type=\"widget\" data-e-type=\"widget\" data-settings=\"{&quot;_ob_use_harakiri&quot;:&quot;yes&quot;,&quot;_ob_harakiri_writing_mode&quot;:&quot;inherit&quot;,&quot;_ob_postman_use&quot;:&quot;no&quot;,&quot;_ob_perspektive_use&quot;:&quot;no&quot;,&quot;_ob_poopart_use&quot;:&quot;yes&quot;,&quot;_ob_shadough_use&quot;:&quot;no&quot;,&quot;_ob_allow_hoveranimator&quot;:&quot;no&quot;,&quot;_ob_widget_stalker_use&quot;:&quot;no&quot;}\" data-widget_type=\"text-editor.default\">\n\t\t\t\t<div class=\"elementor-widget-container\">\n\t\t\t\t\t\t\t\t\t<p>At\u00e2t pagina de internet c\u00e2t \u0219i baza de date fizica \u0219i electronica con\u021bin\u00e2nd informa\u021bii cu caracter personal sunt g\u0103zduite\/stocate pe servere securizate din Spania (Uniunea European\u0103).<\/p><p>\u00cen m\u0103sura \u00een care vom transfera anumite date cu caracter personal ale unor entit\u0103\u021bi localizate \u00een Uniunea Europeana sau \u00een afar\u0103 Uniunii, inclusiv \u00een statul c\u0103rora Comisia Europeana nu le-a recunoscut un nivel adecvat de protec\u021bie a datelor cu caracter personal vom lua masuri pentru a va proteja drepturile \u0219i interesele.<\/p><p>Transferurile vor fi protejate prin clauzele contractuale sau alte garan\u021bii precum schemele de certificare din care face parte \u0219i Scutul de confiden\u021bialitate pentru protec\u021bia datelor cu caracter personal transferate din interiorul UE c\u0103tre Statele Unite ale Americii.<\/p>\t\t\t\t\t\t\t\t<\/div>\n\t\t\t\t<\/div>\n\t\t\t\t<div class=\"elementor-element elementor-element-9d5efb7 ob-harakiri-inherit ob-has-background-overlay elementor-widget elementor-widget-heading\" data-id=\"9d5efb7\" data-element_type=\"widget\" data-e-type=\"widget\" data-settings=\"{&quot;_ob_use_harakiri&quot;:&quot;yes&quot;,&quot;_ob_harakiri_writing_mode&quot;:&quot;inherit&quot;,&quot;_ob_harakiri_text_clip&quot;:&quot;none&quot;,&quot;_ob_perspektive_use&quot;:&quot;no&quot;,&quot;_ob_poopart_use&quot;:&quot;yes&quot;,&quot;_ob_shadough_use&quot;:&quot;no&quot;,&quot;_ob_allow_hoveranimator&quot;:&quot;no&quot;,&quot;_ob_widget_stalker_use&quot;:&quot;no&quot;}\" data-widget_type=\"heading.default\">\n\t\t\t\t<div class=\"elementor-widget-container\">\n\t\t\t\t\t<h4 class=\"elementor-heading-title elementor-size-default\">8. MASURI DE SECURITATE<\/h4>\t\t\t\t<\/div>\n\t\t\t\t<\/div>\n\t\t\t\t<div class=\"elementor-element elementor-element-c3cdf5e ob-harakiri-inherit ob-has-background-overlay elementor-widget elementor-widget-text-editor\" data-id=\"c3cdf5e\" data-element_type=\"widget\" data-e-type=\"widget\" data-settings=\"{&quot;_ob_use_harakiri&quot;:&quot;yes&quot;,&quot;_ob_harakiri_writing_mode&quot;:&quot;inherit&quot;,&quot;_ob_postman_use&quot;:&quot;no&quot;,&quot;_ob_perspektive_use&quot;:&quot;no&quot;,&quot;_ob_poopart_use&quot;:&quot;yes&quot;,&quot;_ob_shadough_use&quot;:&quot;no&quot;,&quot;_ob_allow_hoveranimator&quot;:&quot;no&quot;,&quot;_ob_widget_stalker_use&quot;:&quot;no&quot;}\" data-widget_type=\"text-editor.default\">\n\t\t\t\t<div class=\"elementor-widget-container\">\n\t\t\t\t\t\t\t\t\t<p>De\u0219i datele tale sunt colectate \u00een mediul online, o parte din acestea sunt stocate inclusiv pe suport de h\u00e2rtie (ex. facturi).<\/p><p><strong>BMF TOTAL SERV SRL (<a class=\"nrauI66f5szcZwJjQ3wM D7ros6hfaBeywBDxxP3q\" href=\"https:\/\/bmfgrup.eu\/ro\/\" target=\"_blank\" rel=\"noopener\" data-test-id=\"mainContact-url\">www.bmfgrup.eu<\/a><\/strong><strong>) <\/strong>se preocupa \u00een mod special \u0219i constant de implementarea unor m\u0103suri eficiente de securitate de natur\u0103 s\u0103 protejeze datele dumneavoastr\u0103 cu caracter personal \u0219i s\u0103 evite bre\u0219e de securitate at\u00e2t \u00een ceea ce prive\u0219te informa\u021bia stocat\u0103 on-line c\u00e2t \u0219i pe suport fizic.<\/p><p>Indiferent de modalitatea de stocare, datele tale sunt p\u0103strate \u00een medii sigure care beneficiaz\u0103 de m\u0103suri de protec\u021bie la acces, utilizare, divulgare, modificare sau distrugere neautorizata.<\/p><p>De asemenea, am implementat masuri speciale privind securitatea re\u021belei \u0219i a transferului de date, auditare \u0219i testare a infrastructurii, personal instruit, transfer de date \u00een afara Rom\u00e2niei realizat doar c\u0103tre entit\u0103\u021bi ce pot asigura o protec\u021bie similar\u0103, etc.<\/p>\t\t\t\t\t\t\t\t<\/div>\n\t\t\t\t<\/div>\n\t\t\t\t<div class=\"elementor-element elementor-element-9c7367c ob-harakiri-inherit ob-has-background-overlay elementor-widget elementor-widget-heading\" data-id=\"9c7367c\" data-element_type=\"widget\" data-e-type=\"widget\" data-settings=\"{&quot;_ob_use_harakiri&quot;:&quot;yes&quot;,&quot;_ob_harakiri_writing_mode&quot;:&quot;inherit&quot;,&quot;_ob_harakiri_text_clip&quot;:&quot;none&quot;,&quot;_ob_perspektive_use&quot;:&quot;no&quot;,&quot;_ob_poopart_use&quot;:&quot;yes&quot;,&quot;_ob_shadough_use&quot;:&quot;no&quot;,&quot;_ob_allow_hoveranimator&quot;:&quot;no&quot;,&quot;_ob_widget_stalker_use&quot;:&quot;no&quot;}\" data-widget_type=\"heading.default\">\n\t\t\t\t<div class=\"elementor-widget-container\">\n\t\t\t\t\t<h4 class=\"elementor-heading-title elementor-size-default\">9. PERIOADA DE STOCARE<\/h4>\t\t\t\t<\/div>\n\t\t\t\t<\/div>\n\t\t\t\t<div class=\"elementor-element elementor-element-927f3ed ob-harakiri-inherit ob-has-background-overlay elementor-widget elementor-widget-text-editor\" data-id=\"927f3ed\" data-element_type=\"widget\" data-e-type=\"widget\" data-settings=\"{&quot;_ob_use_harakiri&quot;:&quot;yes&quot;,&quot;_ob_harakiri_writing_mode&quot;:&quot;inherit&quot;,&quot;_ob_postman_use&quot;:&quot;no&quot;,&quot;_ob_perspektive_use&quot;:&quot;no&quot;,&quot;_ob_poopart_use&quot;:&quot;yes&quot;,&quot;_ob_shadough_use&quot;:&quot;no&quot;,&quot;_ob_allow_hoveranimator&quot;:&quot;no&quot;,&quot;_ob_widget_stalker_use&quot;:&quot;no&quot;}\" data-widget_type=\"text-editor.default\">\n\t\t\t\t<div class=\"elementor-widget-container\">\n\t\t\t\t\t\t\t\t\t<p>\u00cen cazul \u00een care prelucr\u0103m datele tale pentru executarea unor obliga\u021bii precontractuale\/contractuale vom stoca datele at\u00e2t timp c\u00e2t este necesar pentru executarea contractului \u0219i pentru o perioad\u0103 ulterioar\u0103 suplimentar\u0103.<\/p>\n<p>\u00cen cazul \u00een care prelucr\u0103m datele tale \u00een virtutea unei obliga\u021bii legale sau \u00een interes public vom stoca datele at\u00e2t timp c\u00e2t este necesar pentru respectarea obliga\u021biilor legale sau at\u00e2t timp c\u00e2t interesul este calificat ca fiind de utilitate public\u0103.<\/p>\n<p>\u00cen cazul \u00een care prelucr\u0103m datele tale pentru protejarea intereselor noastre legitime de afaceri, vom stoca datele p\u00e2n\u0103 c\u00e2nd ne vei solicitam s\u0103 ne oprim cu excep\u021bia cazului \u00een care vom putea demonstra c\u0103 motivul pentru care colect\u0103m \u0219i stoc\u0103m este prioritar fa\u021b\u0103 de interese, drepturile \u0219i libert\u0103\u021bile tale.<\/p>\n<p><strong>\u00cen cazul \u00een care prelucr\u0103m datele tale \u00een baza acordului t\u0103u expres, vom stoca datele p\u00e2n\u0103 la momentul la care ne vei cere s\u0103 ne oprim.<\/strong><\/p>\n<p><strong>Stoc\u0103m datele personale colectate prin formularul de solicitare ofert\u0103 12 luni.<\/strong><\/p>\n<p><strong>Stoc\u0103m datele personale colectate prin formularul de contact 12 luni.<\/strong><\/p>\n<p><\/p>\t\t\t\t\t\t\t\t<\/div>\n\t\t\t\t<\/div>\n\t\t\t\t<div class=\"elementor-element elementor-element-bef64a6 ob-harakiri-inherit ob-has-background-overlay elementor-widget elementor-widget-heading\" data-id=\"bef64a6\" data-element_type=\"widget\" data-e-type=\"widget\" data-settings=\"{&quot;_ob_use_harakiri&quot;:&quot;yes&quot;,&quot;_ob_harakiri_writing_mode&quot;:&quot;inherit&quot;,&quot;_ob_harakiri_text_clip&quot;:&quot;none&quot;,&quot;_ob_perspektive_use&quot;:&quot;no&quot;,&quot;_ob_poopart_use&quot;:&quot;yes&quot;,&quot;_ob_shadough_use&quot;:&quot;no&quot;,&quot;_ob_allow_hoveranimator&quot;:&quot;no&quot;,&quot;_ob_widget_stalker_use&quot;:&quot;no&quot;}\" data-widget_type=\"heading.default\">\n\t\t\t\t<div class=\"elementor-widget-container\">\n\t\t\t\t\t<h4 class=\"elementor-heading-title elementor-size-default\">10. AUTOMATIZAREA PROCESULUI DECIZIONAL<\/h4>\t\t\t\t<\/div>\n\t\t\t\t<\/div>\n\t\t\t\t<div class=\"elementor-element elementor-element-4aa2dea ob-harakiri-inherit ob-has-background-overlay elementor-widget elementor-widget-text-editor\" data-id=\"4aa2dea\" data-element_type=\"widget\" data-e-type=\"widget\" data-settings=\"{&quot;_ob_use_harakiri&quot;:&quot;yes&quot;,&quot;_ob_harakiri_writing_mode&quot;:&quot;inherit&quot;,&quot;_ob_postman_use&quot;:&quot;no&quot;,&quot;_ob_perspektive_use&quot;:&quot;no&quot;,&quot;_ob_poopart_use&quot;:&quot;yes&quot;,&quot;_ob_shadough_use&quot;:&quot;no&quot;,&quot;_ob_allow_hoveranimator&quot;:&quot;no&quot;,&quot;_ob_widget_stalker_use&quot;:&quot;no&quot;}\" data-widget_type=\"text-editor.default\">\n\t\t\t\t<div class=\"elementor-widget-container\">\n\t\t\t\t\t\t\t\t\t<p><strong>BMF TOTAL SERV SRL<\/strong> (<strong><a class=\"nrauI66f5szcZwJjQ3wM D7ros6hfaBeywBDxxP3q\" href=\"https:\/\/bmfgrup.eu\/ro\/\" target=\"_blank\" rel=\"noopener\" data-test-id=\"mainContact-url\">www.bmfgrup.eu<\/a><\/strong>) nu folose\u0219te procese automatizate care pot genera efecte juridice care te privesc sau care te pot afecta \u00eentr-o m\u0103sur\u0103 semnificativ\u0103.<\/p><p>Po\u021bi cere oric\u00e2nd s\u0103 nu faci obiectul unei decizii bazate exclusiv pe prelucrarea automat\u0103, dac\u0103 decizia respectiv\u0103 produce efecte juridice cu privire la tine sau te afecteaz\u0103 \u00een alt mod similar \u0219i \u00eentr-o m\u0103sur\u0103 semnificativ\u0103.<\/p><p>Nu po\u021bi beneficia de acest drept de op\u021biune dac\u0103 decizia luat\u0103 ca urmare a prelucr\u0103rii automate a datelor ne este necesar\u0103 pentru a \u00eencheia sau a executa un contract sau dac\u0103 este permis\u0103 prin lege \u0219i exist\u0103 garan\u021bii adecvate pentru drepturile \u0219i libert\u0103\u021bile tale.<\/p><p>Dac\u0103 ne-ai oferit consim\u021b\u0103m\u00e2ntul t\u0103u cu privire la prelucrarea automat\u0103 \u0219i apoi te r\u0103zg\u00e2nde\u0219ti, \u00ee\u021bi po\u021bi retrage oric\u00e2nd acest consim\u021b\u0103m\u00e2nt prin formularea unei cereri scrise pe care s\u0103 ne-o comunici folosind datele men\u021bionate la rubrica de Contact din site.<\/p>\t\t\t\t\t\t\t\t<\/div>\n\t\t\t\t<\/div>\n\t\t\t\t<div class=\"elementor-element elementor-element-97c7796 ob-harakiri-inherit ob-has-background-overlay elementor-widget elementor-widget-heading\" data-id=\"97c7796\" data-element_type=\"widget\" data-e-type=\"widget\" data-settings=\"{&quot;_ob_use_harakiri&quot;:&quot;yes&quot;,&quot;_ob_harakiri_writing_mode&quot;:&quot;inherit&quot;,&quot;_ob_harakiri_text_clip&quot;:&quot;none&quot;,&quot;_ob_perspektive_use&quot;:&quot;no&quot;,&quot;_ob_poopart_use&quot;:&quot;yes&quot;,&quot;_ob_shadough_use&quot;:&quot;no&quot;,&quot;_ob_allow_hoveranimator&quot;:&quot;no&quot;,&quot;_ob_widget_stalker_use&quot;:&quot;no&quot;}\" data-widget_type=\"heading.default\">\n\t\t\t\t<div class=\"elementor-widget-container\">\n\t\t\t\t\t<h4 class=\"elementor-heading-title elementor-size-default\">11. DREPTURI<\/h4>\t\t\t\t<\/div>\n\t\t\t\t<\/div>\n\t\t\t\t<div class=\"elementor-element elementor-element-f4ade6f ob-harakiri-inherit ob-has-background-overlay elementor-widget elementor-widget-text-editor\" data-id=\"f4ade6f\" data-element_type=\"widget\" data-e-type=\"widget\" data-settings=\"{&quot;_ob_use_harakiri&quot;:&quot;yes&quot;,&quot;_ob_harakiri_writing_mode&quot;:&quot;inherit&quot;,&quot;_ob_postman_use&quot;:&quot;no&quot;,&quot;_ob_perspektive_use&quot;:&quot;no&quot;,&quot;_ob_poopart_use&quot;:&quot;yes&quot;,&quot;_ob_shadough_use&quot;:&quot;no&quot;,&quot;_ob_allow_hoveranimator&quot;:&quot;no&quot;,&quot;_ob_widget_stalker_use&quot;:&quot;no&quot;}\" data-widget_type=\"text-editor.default\">\n\t\t\t\t<div class=\"elementor-widget-container\">\n\t\t\t\t\t\t\t\t\t<ol>\n<li><strong>Dreptul la informare<\/strong> &#8211; ai dreptul s\u0103 \u0219tii dac\u0103 datele tale personale sunt procesate, ce date sunt colectate, de unde sunt ob\u021binute \u0219i de ce, de cine sunt prelucrate, pentru ce perioada \u0219i dac\u0103 aceste date fac obiectul unei prelucr\u0103ri automate de natura s\u0103 produc\u0103 efecte juridice sau s\u0103 te afecteze \u00een mod semnificativ.<\/li>\n<li><strong>Dreptul de acces<\/strong> &#8211; ai dreptul de a accesa, \u00een mod gratuit \u0219i la intervale de timp rezonabile, datele colectate de la tine\/despre tine. Aceasta include dreptul t\u0103u de a solicita \u0219i de a ob\u021bine o copie a datelor personale culese. <\/li>\n<li><strong>Dreptul la actualizare\/rectificare<\/strong> &#8211; dreptul de a solicita rectificarea sau actualizarea datelor tale personale, care sunt inexacte sau incomplete.<\/li>\n<li><strong>Dreptul de \u0219tergere<\/strong> &#8211; \u00een cazul \u00een care ti-ai retras consim\u021b\u0103m\u00e2ntul acordat, te opui prelucr\u0103rii datelor, prelucrarea nu este conforma cu prevederile Regulamentului sau nu mai este necesara pentru realizarea scopurilor \u00een care datele au fost colectate \u0219i prelucrate, po\u021bi cere ca datele tale personale s\u0103 fie \u0219terse din \u00eenregistr\u0103rile noastre.<\/li>\n<li><strong>Dreptul de a restric\u021biona procesarea<\/strong> &#8211; \u00een cazul \u00een care se aplic\u0103 anumite condi\u021bii, ai dreptul s\u0103 restric\u021bionezi procesarea datelor tale personale.<\/li>\n<li><strong>Dreptul de opozi\u021bie<\/strong> &#8211; \u00een anumite cazuri ai dreptul s\u0103 te opui proces\u0103rii datelor tale personale, de exemplu \u00een cazul marketingului direct.<\/li>\n<li><strong>Dreptul de opozi\u021bie \u00een leg\u0103tur\u0103 cu prelucrarea automatizat\u0103<\/strong> &#8211; \u00een situa\u021bia \u00een care datele tale cu caracter personal sunt supuse unei prelucr\u0103ri automatizate, inclusiv crearea de profiluri, care poate produce efecte juridice sau va poate afecta \u00eentr-o maniera semnificativa, e\u0219ti \u00eendrept\u0103\u021bit s\u0103 ne solicita\u021bi s\u0103 excludem datele tale din orice proces decizional individual automatizat.<\/li>\n<li><strong>Dreptul la portabilitatea datelor<\/strong> &#8211; ai dreptul s\u0103 ob\u021bii datele tale personale \u00eentr-un format adecvat sau, dac\u0103 este posibil prin transfer direct de la un procesator la altul.<\/li>\n<li><strong>Dreptul de ajutor de la autoritatea de supraveghere<\/strong> &#8211; ai dreptul s\u0103 solici\u021bi ajutorul unei autorit\u0103\u021bi de supraveghere \u0219i dreptul la alte cai de atac, cum ar fi solicitarea de desp\u0103gubiri.<\/li>\n<li><strong>Dreptul de a retrage consim\u021b\u0103m\u00e2ntul<\/strong> &#8211; ai dreptul s\u0103 \u00ee\u021bi retragi \u00een orice moment consim\u021bit Retragerea consim\u021b\u0103m\u00e2ntului nu afecteaz\u0103 legalitatea prelucr\u0103rii dinainte de retragerea acestuia.<\/li>\n<li><strong>Dreptul de a depune o pl\u00e2ngere<\/strong> &#8211; dac\u0103 vrei s\u0103 faci o sesizare \u00een leg\u0103tur\u0103 cu modalitatea \u00een care prelucram datele tale cu caracter personal, te invit\u0103m s\u0103 ne contactezi:<\/li>\n<\/ol>\n<ul>\n<li>Prin e-mail la adresa: office@bmfgrup.eu;<\/li>\n<li>Prin po\u0219t\u0103 sau curier la adresa ROM\u00c2NIA, BUCURE\u0218TI SECTOR 3, CALEA VITAN, 289, ET:1, CAMERA 13, \u00een aten\u021bia RESPONSABILULUI PENTRU DATE PERSONALE.<\/li>\n<\/ul>\n<p>Te asigur\u0103m c\u0103 toate sesiz\u0103rile \u0219i pl\u00e2ngerile tale vor fi tratate cu seriozitate, profesionalism \u0219i deplin\u0103 confiden\u021bialitate.<\/p>\n<p>Dac\u0103 totu\u0219i e\u0219ti nemul\u021bumit de modalitatea \u00een care am r\u0103spuns sesiz\u0103rilor tale, te po\u021bi adresa autorit\u0103\u021bilor ce de\u021bin rol de control asupra activit\u0103\u021bii noastre \u00een materie de date cu caracter personal.<\/p>\n<p>\u00cen Rom\u00e2nia aceast\u0103 autoritate este reprezentat\u0103 de <strong>Autoritatea Na\u021bional\u0103 de Supraveghere a Prelucr\u0103rii Datelor cu Caracter Personal<\/strong>, ale c\u0103rei informa\u021bii de contact sunt:<\/p>\n<p>Adresa: B-dul G-ral. Gheorghe Magheru nr. 28-30, Sector 1, cod po\u0219tal 010336, Bucure\u0219ti, Rom\u00e2nia <\/p>\n<p>Telefon: +40.318.059.211 sau +40.318.059.212;<\/p>\n<p>E-mail: anspdcp@dataprotection.ro<\/p>\t\t\t\t\t\t\t\t<\/div>\n\t\t\t\t<\/div>\n\t\t\t\t\t<\/div>\n\t\t<\/div>\n\t\t\t\t\t<\/div>\n\t\t<\/section>\n\t\t\t\t<\/div>\n\t\t","protected":false},"excerpt":{"rendered":"<p>Bine a\u021bi venit la BMF Grup Politica de confiden\u021bialitate 1. INTRODUCERE Trat\u0103m cu seriozitate \u0219i responsabilitate confiden\u021bialitatea datelor cu caracter personal, iar securitatea acestora reprezint\u0103 o prioritate pentru noi. De aceea, ne angaj\u0103m s\u0103 respect\u0103m noile reguli impuse de Regulamentul european nr. 2016\/679 denumit &#8222;Regulamentul&#8221; \u00een ceea ce prive\u0219te prelucrarea datelor cu caracter personal \u0219i [&hellip;]<\/p>\n","protected":false},"author":5,"featured_media":0,"parent":0,"menu_order":0,"comment_status":"closed","ping_status":"closed","template":"elementor_header_footer","meta":{"_acf_changed":false,"footnotes":""},"class_list":["post-5065","page","type-page","status-publish","hentry"],"acf":[],"yoast_head":"<!-- This site is optimized with the Yoast SEO plugin v27.5 - https:\/\/yoast.com\/product\/yoast-seo-wordpress\/ -->\n<title>Politica de confiden\u021bialitate - BMF Group<\/title>\n<meta name=\"robots\" content=\"index, follow, max-snippet:-1, max-image-preview:large, max-video-preview:-1\" \/>\n<link rel=\"canonical\" href=\"https:\/\/bmfgrup.eu\/ro\/politica-de-confidentialitate\/\" \/>\n<meta property=\"og:locale\" content=\"ro_RO\" \/>\n<meta property=\"og:type\" content=\"article\" \/>\n<meta property=\"og:title\" content=\"Politica de confiden\u021bialitate - BMF Group\" \/>\n<meta property=\"og:description\" content=\"Bine a\u021bi venit la BMF Grup Politica de confiden\u021bialitate 1. INTRODUCERE Trat\u0103m cu seriozitate \u0219i responsabilitate confiden\u021bialitatea datelor cu caracter personal, iar securitatea acestora reprezint\u0103 o prioritate pentru noi. De aceea, ne angaj\u0103m s\u0103 respect\u0103m noile reguli impuse de Regulamentul european nr. 2016\/679 denumit &#8222;Regulamentul&#8221; \u00een ceea ce prive\u0219te prelucrarea datelor cu caracter personal \u0219i [&hellip;]\" \/>\n<meta property=\"og:url\" content=\"https:\/\/bmfgrup.eu\/ro\/politica-de-confidentialitate\/\" \/>\n<meta property=\"og:site_name\" content=\"BMF Group\" \/>\n<meta property=\"article:modified_time\" content=\"2025-09-09T13:18:05+00:00\" \/>\n<meta name=\"twitter:card\" content=\"summary_large_image\" \/>\n<meta name=\"twitter:label1\" content=\"Timp estimat pentru citire\" \/>\n\t<meta name=\"twitter:data1\" content=\"15 minute\" \/>\n<script type=\"application\/ld+json\" class=\"yoast-schema-graph\">{\"@context\":\"https:\\\/\\\/schema.org\",\"@graph\":[{\"@type\":\"WebPage\",\"@id\":\"https:\\\/\\\/bmfgrup.eu\\\/ro\\\/politica-de-confidentialitate\\\/\",\"url\":\"https:\\\/\\\/bmfgrup.eu\\\/ro\\\/politica-de-confidentialitate\\\/\",\"name\":\"Politica de confiden\u021bialitate - BMF Group\",\"isPartOf\":{\"@id\":\"https:\\\/\\\/bmfgrup.eu\\\/ro\\\/#website\"},\"datePublished\":\"2022-03-04T14:16:15+00:00\",\"dateModified\":\"2025-09-09T13:18:05+00:00\",\"breadcrumb\":{\"@id\":\"https:\\\/\\\/bmfgrup.eu\\\/ro\\\/politica-de-confidentialitate\\\/#breadcrumb\"},\"inLanguage\":\"ro-RO\",\"potentialAction\":[{\"@type\":\"ReadAction\",\"target\":[\"https:\\\/\\\/bmfgrup.eu\\\/ro\\\/politica-de-confidentialitate\\\/\"]}]},{\"@type\":\"BreadcrumbList\",\"@id\":\"https:\\\/\\\/bmfgrup.eu\\\/ro\\\/politica-de-confidentialitate\\\/#breadcrumb\",\"itemListElement\":[{\"@type\":\"ListItem\",\"position\":1,\"name\":\"Home\",\"item\":\"https:\\\/\\\/bmfgrup.eu\\\/ro\\\/\"},{\"@type\":\"ListItem\",\"position\":2,\"name\":\"Politica de confiden\u021bialitate\"}]},{\"@type\":\"WebSite\",\"@id\":\"https:\\\/\\\/bmfgrup.eu\\\/ro\\\/#website\",\"url\":\"https:\\\/\\\/bmfgrup.eu\\\/ro\\\/\",\"name\":\"BMF Group\",\"description\":\"Smart Facility Management\",\"potentialAction\":[{\"@type\":\"SearchAction\",\"target\":{\"@type\":\"EntryPoint\",\"urlTemplate\":\"https:\\\/\\\/bmfgrup.eu\\\/ro\\\/?s={search_term_string}\"},\"query-input\":{\"@type\":\"PropertyValueSpecification\",\"valueRequired\":true,\"valueName\":\"search_term_string\"}}],\"inLanguage\":\"ro-RO\"}]}<\/script>\n<!-- \/ Yoast SEO plugin. -->","yoast_head_json":{"title":"Politica de confiden\u021bialitate - BMF Group","robots":{"index":"index","follow":"follow","max-snippet":"max-snippet:-1","max-image-preview":"max-image-preview:large","max-video-preview":"max-video-preview:-1"},"canonical":"https:\/\/bmfgrup.eu\/ro\/politica-de-confidentialitate\/","og_locale":"ro_RO","og_type":"article","og_title":"Politica de confiden\u021bialitate - BMF Group","og_description":"Bine a\u021bi venit la BMF Grup Politica de confiden\u021bialitate 1. INTRODUCERE Trat\u0103m cu seriozitate \u0219i responsabilitate confiden\u021bialitatea datelor cu caracter personal, iar securitatea acestora reprezint\u0103 o prioritate pentru noi. De aceea, ne angaj\u0103m s\u0103 respect\u0103m noile reguli impuse de Regulamentul european nr. 2016\/679 denumit &#8222;Regulamentul&#8221; \u00een ceea ce prive\u0219te prelucrarea datelor cu caracter personal \u0219i [&hellip;]","og_url":"https:\/\/bmfgrup.eu\/ro\/politica-de-confidentialitate\/","og_site_name":"BMF Group","article_modified_time":"2025-09-09T13:18:05+00:00","twitter_card":"summary_large_image","twitter_misc":{"Timp estimat pentru citire":"15 minute"},"schema":{"@context":"https:\/\/schema.org","@graph":[{"@type":"WebPage","@id":"https:\/\/bmfgrup.eu\/ro\/politica-de-confidentialitate\/","url":"https:\/\/bmfgrup.eu\/ro\/politica-de-confidentialitate\/","name":"Politica de confiden\u021bialitate - BMF Group","isPartOf":{"@id":"https:\/\/bmfgrup.eu\/ro\/#website"},"datePublished":"2022-03-04T14:16:15+00:00","dateModified":"2025-09-09T13:18:05+00:00","breadcrumb":{"@id":"https:\/\/bmfgrup.eu\/ro\/politica-de-confidentialitate\/#breadcrumb"},"inLanguage":"ro-RO","potentialAction":[{"@type":"ReadAction","target":["https:\/\/bmfgrup.eu\/ro\/politica-de-confidentialitate\/"]}]},{"@type":"BreadcrumbList","@id":"https:\/\/bmfgrup.eu\/ro\/politica-de-confidentialitate\/#breadcrumb","itemListElement":[{"@type":"ListItem","position":1,"name":"Home","item":"https:\/\/bmfgrup.eu\/ro\/"},{"@type":"ListItem","position":2,"name":"Politica de confiden\u021bialitate"}]},{"@type":"WebSite","@id":"https:\/\/bmfgrup.eu\/ro\/#website","url":"https:\/\/bmfgrup.eu\/ro\/","name":"BMF Group","description":"Smart Facility Management","potentialAction":[{"@type":"SearchAction","target":{"@type":"EntryPoint","urlTemplate":"https:\/\/bmfgrup.eu\/ro\/?s={search_term_string}"},"query-input":{"@type":"PropertyValueSpecification","valueRequired":true,"valueName":"search_term_string"}}],"inLanguage":"ro-RO"}]}},"_links":{"self":[{"href":"https:\/\/bmfgrup.eu\/ro\/wp-json\/wp\/v2\/pages\/5065","targetHints":{"allow":["GET"]}}],"collection":[{"href":"https:\/\/bmfgrup.eu\/ro\/wp-json\/wp\/v2\/pages"}],"about":[{"href":"https:\/\/bmfgrup.eu\/ro\/wp-json\/wp\/v2\/types\/page"}],"author":[{"embeddable":true,"href":"https:\/\/bmfgrup.eu\/ro\/wp-json\/wp\/v2\/users\/5"}],"replies":[{"embeddable":true,"href":"https:\/\/bmfgrup.eu\/ro\/wp-json\/wp\/v2\/comments?post=5065"}],"version-history":[{"count":4,"href":"https:\/\/bmfgrup.eu\/ro\/wp-json\/wp\/v2\/pages\/5065\/revisions"}],"predecessor-version":[{"id":5110,"href":"https:\/\/bmfgrup.eu\/ro\/wp-json\/wp\/v2\/pages\/5065\/revisions\/5110"}],"wp:attachment":[{"href":"https:\/\/bmfgrup.eu\/ro\/wp-json\/wp\/v2\/media?parent=5065"}],"curies":[{"name":"wp","href":"https:\/\/api.w.org\/{rel}","templated":true}]}}